{"id":241,"date":"2024-03-21T13:13:23","date_gmt":"2024-03-21T12:13:23","guid":{"rendered":"http:\/\/2024.feeca.eu\/news\/"},"modified":"2026-04-29T10:16:04","modified_gmt":"2026-04-29T08:16:04","slug":"news","status":"publish","type":"page","link":"https:\/\/feeca.eu\/en\/news\/","title":{"rendered":"News"},"content":{"rendered":"<section  class='av_textblock_section av-lu1d0x6n-11ce4729121763cf58a11305470eae42 '   itemscope=\"itemscope\" itemtype=\"https:\/\/schema.org\/CreativeWork\" ><div class='avia_textblock'  itemprop=\"text\" ><p><strong>New FEECA Executive Board<\/strong><\/p>\n<div id=\"attachment_436\" style=\"width: 326px\" class=\"wp-caption alignright\"><a href=\"https:\/\/feeca.eu\/wp-content\/uploads\/2026\/04\/neues-Praesidium-scaled.jpg\"><img loading=\"lazy\" decoding=\"async\" aria-describedby=\"caption-attachment-436\" class=\"wp-image-436\" src=\"https:\/\/feeca.eu\/wp-content\/uploads\/2026\/04\/neues-Praesidium-300x213.jpg\" alt=\"\" width=\"316\" height=\"224\" srcset=\"https:\/\/feeca.eu\/wp-content\/uploads\/2026\/04\/neues-Praesidium-300x213.jpg 300w, https:\/\/feeca.eu\/wp-content\/uploads\/2026\/04\/neues-Praesidium-1030x731.jpg 1030w, https:\/\/feeca.eu\/wp-content\/uploads\/2026\/04\/neues-Praesidium-768x545.jpg 768w, https:\/\/feeca.eu\/wp-content\/uploads\/2026\/04\/neues-Praesidium-1536x1090.jpg 1536w, https:\/\/feeca.eu\/wp-content\/uploads\/2026\/04\/neues-Praesidium-2048x1454.jpg 2048w, https:\/\/feeca.eu\/wp-content\/uploads\/2026\/04\/neues-Praesidium-1500x1065.jpg 1500w, https:\/\/feeca.eu\/wp-content\/uploads\/2026\/04\/neues-Praesidium-260x185.jpg 260w, https:\/\/feeca.eu\/wp-content\/uploads\/2026\/04\/neues-Praesidium-705x500.jpg 705w\" sizes=\"auto, (max-width: 316px) 100vw, 316px\" \/><\/a><p id=\"caption-attachment-436\" class=\"wp-caption-text\">From left to right: Vytautas Kirka, Lea Sedlmayr, Bernd Wachter, S\u00e1ndor Szak\u00e1cs. Photo: Christina Dobbehaus<\/p><\/div>\n<p>During the recent General Assembly held in Brussels, Hubert Petrasch, Chair of the Forum Katholischer Erwachsenenbildung in Austria, handed over the presidency to Lea Sedlmayr, Managing Director of Catholic Adult Education in Germany.<\/p>\n<p>Since 2022, Petrasch had served as President of FEECA and played a significant role in shaping the development of the European network during his term.<\/p>\n<p>Alongside Lea Sedlmayr, Bernd Wachter (Austria) and Vytautas Kirka (Lithuania) were elected Vice-Presidents to the Executive Board. Dr. Ferenc S\u00e1ndor Szak\u00e1cs (Hungary) will continue to serve as Vice-President.<\/p>\n<\/div><\/section>\n<div  class='hr av-fdivr-897f0c2a50e19b18937b9e16388d5d1b hr-default  avia-builder-el-1  el_after_av_textblock  el_before_av_textblock '><span class='hr-inner '><span class=\"hr-inner-style\"><\/span><\/span><\/div>\n<section  class='av_textblock_section av-mojp8szb-f612d565bb93489e161c9e997653f9e6 '   itemscope=\"itemscope\" itemtype=\"https:\/\/schema.org\/CreativeWork\" ><div class='avia_textblock'  itemprop=\"text\" ><p><strong>FEECA-Symposium 2025 in Zurich<\/strong><\/p>\n<p>The \u2018Ecumenism in adult education\u2019 conference took place in Zurich from 2 to 4 April 2025. The event was attended by 28 experts from eight European countries &#8211; half of whom came from Central and Eastern Europe. After a welcome address by FEECA President Hubert Petrasch, Csongor Kozma, Director of the host Paulus Academy, introduced the organisation.<br \/>\nProf. Dr Nicola Ottiger from the Ecumenical Institute Lucerne kicked off the following main day with a groundbreaking lecture on the foundations of ecumenical commitment. Starting with a historical review, she emphasised in particular the importanc <a href=\"https:\/\/feeca.eu\/wp-content\/uploads\/2025\/05\/PXL_20250403_073021065-Kopie-scaled.jpg\"><img loading=\"lazy\" decoding=\"async\" class=\"size-medium wp-image-360 alignright\" src=\"https:\/\/feeca.eu\/wp-content\/uploads\/2025\/05\/PXL_20250403_073021065-Kopie-226x300.jpg\" alt=\"\" width=\"226\" height=\"300\" srcset=\"https:\/\/feeca.eu\/wp-content\/uploads\/2025\/05\/PXL_20250403_073021065-Kopie-226x300.jpg 226w, https:\/\/feeca.eu\/wp-content\/uploads\/2025\/05\/PXL_20250403_073021065-Kopie-776x1030.jpg 776w, https:\/\/feeca.eu\/wp-content\/uploads\/2025\/05\/PXL_20250403_073021065-Kopie-768x1020.jpg 768w, https:\/\/feeca.eu\/wp-content\/uploads\/2025\/05\/PXL_20250403_073021065-Kopie-1157x1536.jpg 1157w, https:\/\/feeca.eu\/wp-content\/uploads\/2025\/05\/PXL_20250403_073021065-Kopie-1542x2048.jpg 1542w, https:\/\/feeca.eu\/wp-content\/uploads\/2025\/05\/PXL_20250403_073021065-Kopie-1129x1500.jpg 1129w, https:\/\/feeca.eu\/wp-content\/uploads\/2025\/05\/PXL_20250403_073021065-Kopie-531x705.jpg 531w, https:\/\/feeca.eu\/wp-content\/uploads\/2025\/05\/PXL_20250403_073021065-Kopie-scaled.jpg 1928w\" sizes=\"auto, (max-width: 226px) 100vw, 226px\" \/><\/a>e of the Charta Oecumenica with its central leitmotifs: \u2018Together towards unity in faith\u2019, \u2018Towards one another\u2019 and \u2018Acting together\u2019. She emphasised the unifying power of faith, which in her view outweighs existing differences and creates a common basis for ecumenical action.<br \/>\n<a href=\"https:\/\/feeca.eu\/wp-content\/uploads\/2025\/05\/PXL_20250403_122717278.MP-Kopie-scaled.jpg\"><img loading=\"lazy\" decoding=\"async\" class=\"size-medium wp-image-362 alignleft\" src=\"https:\/\/feeca.eu\/wp-content\/uploads\/2025\/05\/PXL_20250403_122717278.MP-Kopie-226x300.jpg\" alt=\"\" width=\"226\" height=\"300\" srcset=\"https:\/\/feeca.eu\/wp-content\/uploads\/2025\/05\/PXL_20250403_122717278.MP-Kopie-226x300.jpg 226w, https:\/\/feeca.eu\/wp-content\/uploads\/2025\/05\/PXL_20250403_122717278.MP-Kopie-776x1030.jpg 776w, https:\/\/feeca.eu\/wp-content\/uploads\/2025\/05\/PXL_20250403_122717278.MP-Kopie-768x1020.jpg 768w, https:\/\/feeca.eu\/wp-content\/uploads\/2025\/05\/PXL_20250403_122717278.MP-Kopie-1157x1536.jpg 1157w, https:\/\/feeca.eu\/wp-content\/uploads\/2025\/05\/PXL_20250403_122717278.MP-Kopie-1542x2048.jpg 1542w, https:\/\/feeca.eu\/wp-content\/uploads\/2025\/05\/PXL_20250403_122717278.MP-Kopie-1129x1500.jpg 1129w, https:\/\/feeca.eu\/wp-content\/uploads\/2025\/05\/PXL_20250403_122717278.MP-Kopie-531x705.jpg 531w, https:\/\/feeca.eu\/wp-content\/uploads\/2025\/05\/PXL_20250403_122717278.MP-Kopie-scaled.jpg 1928w\" sizes=\"auto, (max-width: 226px) 100vw, 226px\" \/><\/a>Walter L\u00fcssi, President of Plusbildung and Oikosnet Europe, then spoke about his practical experience with ecumenical cooperation. Using the example of Plusbildung &#8211; the network for non-formal church education in Switzerland &#8211; he showed how a strong association with over 40 member organisations has developed from an idea in ten years. His conclusion: co-operation is the norm, going it alone is the exception.<br \/>\nPastor L\u00edviu Jitianu contributed further perspectives and described his ecumenical experiences with Catholic parishes in Zurich and in the Romanian diocese of Alba Julia. For him, ecumenism means peaceful coexistence with many facets, which should lead to a shared sense of mission and encourage reflection on the common mission.<br \/>\nMartin Werlen opened the last day of the symposium with an impulse on change, growth and hope. The Swiss Benedictine monk and former abbot of Einsiedeln presented his book &#8220;Baustellen der Hoffnung. An encouragement to tackle life&#8221;, in which he compares life itself to a building site: It is loud, disruptive and demanding, but at the same time necessary for development and change. Using the extensive renovation work at St Gerold&#8217;s provostry as an example, he showed how one can learn to deal with building sites &#8211; also in a figurative sense &#8211; lovingly and constructively. Werlen sees the church as a living community in flux &#8211; ecumenism is another such \u2018building site\u2019 that needs cooperation and diversity. Werlen spoke out against denominational demarcations and emphasised the importance of common rituals such as meal times. Good education, he concluded, prepares people for these challenges and supports the path to an open church that is ready to learn.<\/p>\n<\/div><\/section>\n<div  class='hr av-1gq5in-24fd55af7d7f5b2df657097383609709 hr-default  avia-builder-el-3  el_after_av_textblock  el_before_av_textblock '><span class='hr-inner '><span class=\"hr-inner-style\"><\/span><\/span><\/div>\n<section  class='av_textblock_section av-mojp9y43-c9a66539f02e65ad48f21e3666479497 '   itemscope=\"itemscope\" itemtype=\"https:\/\/schema.org\/CreativeWork\" ><div class='avia_textblock'  itemprop=\"text\" ><p><strong>Catholic Adult Education Mourns the Loss of Dr. Erika Schuster<\/strong><\/p>\n<div id=\"attachment_323\" style=\"width: 310px\" class=\"wp-caption alignright\"><a href=\"https:\/\/feeca.eu\/wp-content\/uploads\/2024\/11\/Erika_Schuster-002.jpg\"><img loading=\"lazy\" decoding=\"async\" aria-describedby=\"caption-attachment-323\" class=\"wp-image-323 size-medium\" src=\"https:\/\/feeca.eu\/wp-content\/uploads\/2024\/11\/Erika_Schuster-002-300x169.jpg\" alt=\"Photo: Martin Kalchhauser, N\u00d6N\" width=\"300\" height=\"169\" srcset=\"https:\/\/feeca.eu\/wp-content\/uploads\/2024\/11\/Erika_Schuster-002-300x169.jpg 300w, https:\/\/feeca.eu\/wp-content\/uploads\/2024\/11\/Erika_Schuster-002.jpg 768w, https:\/\/feeca.eu\/wp-content\/uploads\/2024\/11\/Erika_Schuster-002-705x397.jpg 705w\" sizes=\"auto, (max-width: 300px) 100vw, 300px\" \/><\/a><p id=\"caption-attachment-323\" class=\"wp-caption-text\">Photo: Martin Kalchhauser, N\u00d6N<\/p><\/div>\n<p>Through her work, she significantly shaped Catholic adult education \u2014 as Director of the Literary Forum Vienna from 1985 to 2000, where she initiated the distance-learning literature course for the entire German-speaking region; as President of the European Federation of Catholic Adult Education from 2002 to 2012; as an editor and journalist; and, more broadly, as a deeply committed and inspiring individual.<\/p>\n<p>Following her studies in German, philology and history, and the completion of her doctoral dissertation in 1964, Erika Schuster began her professional career as a teacher at what is now the Mary Ward Gymnasium, where the Krems-born educator, born in 1940, taught for 22 years.<\/p>\n<p>From 1970 onward, she devoted herself increasingly to adult education and maintained international contacts with friends and colleagues in the field throughout her life.<\/p>\n<p>In recognition of her outstanding achievements, Erika Schuster received the Adult Education Appreciation Award of the State of Lower Austria in 2000. In 2012, she was awarded the Papal Order of Saint Sylvester, presented by Christoph Sch\u00f6nborn.<br \/>\nHer legacy will continue to inspire Catholic adult education in Europe.<\/p>\n<\/div><\/section>\n<div  class='hr av-16q08n-84d26286bb91ef1f2e380c96640062d7 hr-default  avia-builder-el-5  el_after_av_textblock  el_before_av_textblock '><span class='hr-inner '><span class=\"hr-inner-style\"><\/span><\/span><\/div>\n<section  class='av_textblock_section av-mojpb2be-4c1244f06817438f2e87e22702a2d425 '   itemscope=\"itemscope\" itemtype=\"https:\/\/schema.org\/CreativeWork\" ><div class='avia_textblock'  itemprop=\"text\" ><p><strong>FEECA Symposium 2025<\/strong><\/p>\n<p>From 2 to 4 April 2025, the FEECA Symposium on the theme Ecumenism in Adult Education will take place in Zurich.<br \/>\nThe invitation and programme can be found <a href=\"https:\/\/feeca.eu\/wp-content\/uploads\/2024\/06\/2025_FEECA-Symposium_Invitation.pdf\" target=\"_blank\" rel=\"noopener\">here.<\/a><\/p>\n<p>Registration is now open via this link: <a href=\"https:\/\/eveeno.com\/feeca-symposium\">https:\/\/eveeno.com\/feeca-symposium<\/a>.<\/p>\n<\/div><\/section>\n<div  class='hr av-10ik9b-8a51de40639727e3ced9677d2d7eff75 hr-default  avia-builder-el-7  el_after_av_textblock  el_before_av_textblock '><span class='hr-inner '><span class=\"hr-inner-style\"><\/span><\/span><\/div>\n<section  class='av_textblock_section av-mojpbmia-12bcfd79e8ab3cb8d1b66806f758c814 '   itemscope=\"itemscope\" itemtype=\"https:\/\/schema.org\/CreativeWork\" ><div class='avia_textblock'  itemprop=\"text\" ><p><strong>60 Years of FEECA: The European Federation for Catholic Adult Education Celebrates Its Anniversary<\/strong><\/p>\n<div id=\"attachment_269\" style=\"width: 235px\" class=\"wp-caption alignright\"><a href=\"http:\/\/feeca.eu\/wp-content\/uploads\/2024\/03\/FEECA3_Peter-Rinnerthaler.jpg\"><img loading=\"lazy\" decoding=\"async\" aria-describedby=\"caption-attachment-269\" class=\"size-medium wp-image-269\" src=\"http:\/\/feeca.eu\/wp-content\/uploads\/2024\/03\/FEECA3_Peter-Rinnerthaler-225x300.jpg\" alt=\"\" width=\"225\" height=\"300\" srcset=\"https:\/\/feeca.eu\/wp-content\/uploads\/2024\/03\/FEECA3_Peter-Rinnerthaler-225x300.jpg 225w, https:\/\/feeca.eu\/wp-content\/uploads\/2024\/03\/FEECA3_Peter-Rinnerthaler-772x1030.jpg 772w, https:\/\/feeca.eu\/wp-content\/uploads\/2024\/03\/FEECA3_Peter-Rinnerthaler-768x1024.jpg 768w, https:\/\/feeca.eu\/wp-content\/uploads\/2024\/03\/FEECA3_Peter-Rinnerthaler-1152x1536.jpg 1152w, https:\/\/feeca.eu\/wp-content\/uploads\/2024\/03\/FEECA3_Peter-Rinnerthaler-1125x1500.jpg 1125w, https:\/\/feeca.eu\/wp-content\/uploads\/2024\/03\/FEECA3_Peter-Rinnerthaler-529x705.jpg 529w, https:\/\/feeca.eu\/wp-content\/uploads\/2024\/03\/FEECA3_Peter-Rinnerthaler.jpg 1181w\" sizes=\"auto, (max-width: 225px) 100vw, 225px\" \/><\/a><p id=\"caption-attachment-269\" class=\"wp-caption-text\">Hubert Petrasch, Photo: Peter Rinnerthaler<\/p><\/div>\n<p>\u201cThe European Federation for Catholic Adult Education (FEECA) is turning 60,\u201d said FEECA President Hubert Petrasch during a celebratory event held in Vienna on 23 October. A small circle of invited guests gathered at Stephansplatz in the heart of Vienna to celebrate the federation\u2019s anniversary together with the Austrian hosts.<\/p>\n<p>Distinguished Guests from Education and Religion Mark the Anniversary<\/p>\n<p>Among the prominent guests offering congratulations were Auxiliary Bishop Stephan Turnovszky, representing Cardinal Christoph Sch\u00f6nborn; Wilhelm Krautwaschl, the Austrian Bishops\u2019 Conference representative for adult education; Othmar Karas, First Vice-President of the European Parliament; and former FEECA President Alois Becker as guest of honour.<\/p>\n<p>In his address, Hubert Petrasch spoke of a \u201cunited Europe.\u201d He pointed to European programmes such as Erasmus+, in which all member states of the European Union can participate on equal terms. At the same time, he noted that adult education across Europe is often viewed primarily through the lens of labour market needs and professional qualification, an area in which Catholic adult education organisations tend to be less engaged.<\/p>\n<p>Petrasch stressed that adult education must not be reduced to economic utility alone. Referring to the devastating images and news from the war zones in Israel and Palestine, he underlined how important mindfulness, empathy and social understanding are within education today.<\/p>\n<p>60 Years of Commitment to Church-Based Adult Education<\/p>\n<p>In his remarks, Bishop Krautwaschl paid tribute to \u201c60 years of commitment to church-based adult education.\u201d At the same time, he highlighted the many challenges facing Europe today: the climate crisis, migration, the war in Ukraine, the rise of nationalism, economic difficulties following the pandemic and the war, as well as the Church\u2019s ongoing transformation process in the wake of abuse scandals, declining membership, financial pressures and growing internal polarisation.<\/p>\n<p>Auxiliary Bishop Turnovszky emphasized that educational work \u2014 including Catholic adult education \u2014 remains a core mission of the Church.<\/p>\n<p>What distinguishes Catholic adult education, he said, is its Christian understanding of the world and the human person. At its centre is the individual in their uniqueness, yet always in relationship: to oneself, to others and to God. These relationships, he noted, define the particular quality and social relevance of Catholic adult education.<\/p>\n<div id=\"attachment_267\" style=\"width: 310px\" class=\"wp-caption alignleft\"><a href=\"http:\/\/feeca.eu\/wp-content\/uploads\/2024\/03\/FEECA1Peter-Rinnerthaler-scaled-1.jpg\"><img loading=\"lazy\" decoding=\"async\" aria-describedby=\"caption-attachment-267\" class=\"size-medium wp-image-267\" src=\"http:\/\/feeca.eu\/wp-content\/uploads\/2024\/03\/FEECA1Peter-Rinnerthaler-scaled-1-300x200.jpg\" alt=\"\" width=\"300\" height=\"200\" srcset=\"https:\/\/feeca.eu\/wp-content\/uploads\/2024\/03\/FEECA1Peter-Rinnerthaler-scaled-1-300x200.jpg 300w, https:\/\/feeca.eu\/wp-content\/uploads\/2024\/03\/FEECA1Peter-Rinnerthaler-scaled-1-1030x687.jpg 1030w, https:\/\/feeca.eu\/wp-content\/uploads\/2024\/03\/FEECA1Peter-Rinnerthaler-scaled-1-768x512.jpg 768w, https:\/\/feeca.eu\/wp-content\/uploads\/2024\/03\/FEECA1Peter-Rinnerthaler-scaled-1-1536x1024.jpg 1536w, https:\/\/feeca.eu\/wp-content\/uploads\/2024\/03\/FEECA1Peter-Rinnerthaler-scaled-1-2048x1366.jpg 2048w, https:\/\/feeca.eu\/wp-content\/uploads\/2024\/03\/FEECA1Peter-Rinnerthaler-scaled-1-1500x1000.jpg 1500w, https:\/\/feeca.eu\/wp-content\/uploads\/2024\/03\/FEECA1Peter-Rinnerthaler-scaled-1-705x470.jpg 705w\" sizes=\"auto, (max-width: 300px) 100vw, 300px\" \/><\/a><p id=\"caption-attachment-267\" class=\"wp-caption-text\">Othmar Karas, Photo: Peter Rinnerthaler<\/p><\/div>\n<p>In a video message, Othmar Karas sent \u201cwarm greetings from Brussels\u201d and congratulations on \u201c60 years as the European umbrella organisation for Catholic adult education.\u201d<br \/>\nHe described the anniversary as representing not only a long history but also a sustained commitment to education within the European community. Education, he stressed, makes an invaluable contribution to a united Europe, particularly through promoting fundamental values such as respect, tolerance, solidarity and social responsibility. Dialogue, he added, is essential for the continued development and deepening of the European Union.<\/p>\n<p>Concluding his message, Karas \u2014 describing himself as a \u201ccommitted Christian, convinced Austrian and open-minded European\u201d \u2014 recalled that Christianity and Europe are inseparably linked and wished FEECA many more successful years of education, dialogue and commitment to a united Europe.<\/p>\n<p>Catholic Adult Education as a Force in Society<\/p>\n<p><a href=\"http:\/\/feeca.eu\/wp-content\/uploads\/2024\/03\/FEECA2_Peter-Rinnerthaler.jpg\"><img loading=\"lazy\" decoding=\"async\" class=\"alignright size-medium wp-image-265\" src=\"http:\/\/feeca.eu\/wp-content\/uploads\/2024\/03\/FEECA2_Peter-Rinnerthaler-300x200.jpg\" alt=\"\" width=\"300\" height=\"200\" srcset=\"https:\/\/feeca.eu\/wp-content\/uploads\/2024\/03\/FEECA2_Peter-Rinnerthaler-300x200.jpg 300w, https:\/\/feeca.eu\/wp-content\/uploads\/2024\/03\/FEECA2_Peter-Rinnerthaler-1030x686.jpg 1030w, https:\/\/feeca.eu\/wp-content\/uploads\/2024\/03\/FEECA2_Peter-Rinnerthaler-768x512.jpg 768w, https:\/\/feeca.eu\/wp-content\/uploads\/2024\/03\/FEECA2_Peter-Rinnerthaler-705x470.jpg 705w, https:\/\/feeca.eu\/wp-content\/uploads\/2024\/03\/FEECA2_Peter-Rinnerthaler.jpg 1181w\" sizes=\"auto, (max-width: 300px) 100vw, 300px\" \/><\/a>Die FEECA ist im gesamteurop\u00e4ischen Raum aktiv, wobei \u00d6sterreich seit Jahren eine wichtige Stellung einnimmt und nach Erika Schuster und Karl Kalcsics mit Hubert Petrasch derzeit bereits zum dritten Mal die Pr\u00e4sidentschaft innehat.<\/p>\n<p>FEECA is active across Europe, with Austria playing an important role for many years. Following Erika Schuster and Karl Kalcsics, Hubert Petrasch currently serves as the third Austrian president of the federation.<br \/>\nIn many German-speaking countries, including Austria, Catholic adult education has traditionally played an important role. Its priorities respond to contemporary social questions and needs.<br \/>\n\u201cAs those engaged in Catholic adult education, we fundamentally agree that Catholic adult education should have an impact on society,\u201d Petrasch stated.<br \/>\nFor common action at the European level, he sees a clear need for exchange and joint reflection on the work of Catholic adult education. For this purpose, FEECA provides an ideal organisational framework.<\/p>\n<\/div><\/section>\n<div  class='hr av-yxlbz-bd0e1fc2df34210c7a0f314e15fc9f2a hr-default  avia-builder-el-9  el_after_av_textblock  el_before_av_textblock '><span class='hr-inner '><span class=\"hr-inner-style\"><\/span><\/span><\/div>\n<section  class='av_textblock_section av-mojpcksw-09e54c69cc5835c67b05e8ad27942fd2 '   itemscope=\"itemscope\" itemtype=\"https:\/\/schema.org\/CreativeWork\" ><div class='avia_textblock'  itemprop=\"text\" ><p><strong>FEECA Symposium in Cluj-Napoca<\/strong><\/p>\n<p><a href=\"http:\/\/feeca.eu\/wp-content\/uploads\/2024\/03\/IMG_0932.jpeg\"><img loading=\"lazy\" decoding=\"async\" class=\"alignleft size-medium wp-image-263\" src=\"http:\/\/feeca.eu\/wp-content\/uploads\/2024\/03\/IMG_0932-300x225.jpeg\" alt=\"\" width=\"300\" height=\"225\" srcset=\"https:\/\/feeca.eu\/wp-content\/uploads\/2024\/03\/IMG_0932-300x225.jpeg 300w, https:\/\/feeca.eu\/wp-content\/uploads\/2024\/03\/IMG_0932-1030x773.jpeg 1030w, https:\/\/feeca.eu\/wp-content\/uploads\/2024\/03\/IMG_0932-768x576.jpeg 768w, https:\/\/feeca.eu\/wp-content\/uploads\/2024\/03\/IMG_0932-1536x1152.jpeg 1536w, https:\/\/feeca.eu\/wp-content\/uploads\/2024\/03\/IMG_0932-1500x1125.jpeg 1500w, https:\/\/feeca.eu\/wp-content\/uploads\/2024\/03\/IMG_0932-705x529.jpeg 705w, https:\/\/feeca.eu\/wp-content\/uploads\/2024\/03\/IMG_0932.jpeg 2048w\" sizes=\"auto, (max-width: 300px) 100vw, 300px\" \/><\/a>From 17 to 19 April 2023, colleagues from four member countries gathered in Cluj-Napoca for this year\u2019s symposium of the FEECA. The conference focused on the overarching theme Hope through Faith, Overcoming Fear through Education.<br \/>\nA foundational introduction to the topic was provided by J\u00e1nos Vik, professor and long-serving dean at the Catholic Theological Faculty of Babe\u0219-Bolyai University and researcher at the South German Institute for Logotherapy and Existential Analysis.<br \/>\nDrawing on the approach of Viktor Frankl, Prof. Vik highlighted a perspective that places particular emphasis on the spiritual dimension of the human person and understands the search for meaning in life as a primary motivational force. This approach, he explained, is highly relevant for pastoral work and compatible with the Christian understanding of the human person. For many years, pastoral workers in his diocese have therefore been trained as pastoral companions based on logotherapy and support people professionally in dealing with anxiety.<br \/>\nPractical educational examples were presented by Bogl\u00e1rka P\u00e9ter, Managing Director of the Pro Educatione Network in Romania.<\/p>\n<p><a href=\"http:\/\/feeca.eu\/wp-content\/uploads\/2024\/03\/IMG_0946.jpeg\"><img loading=\"lazy\" decoding=\"async\" class=\"size-medium wp-image-261 alignright\" src=\"http:\/\/feeca.eu\/wp-content\/uploads\/2024\/03\/IMG_0946-300x225.jpeg\" alt=\"\" width=\"300\" height=\"225\" srcset=\"https:\/\/feeca.eu\/wp-content\/uploads\/2024\/03\/IMG_0946-300x225.jpeg 300w, https:\/\/feeca.eu\/wp-content\/uploads\/2024\/03\/IMG_0946-1030x773.jpeg 1030w, https:\/\/feeca.eu\/wp-content\/uploads\/2024\/03\/IMG_0946-768x576.jpeg 768w, https:\/\/feeca.eu\/wp-content\/uploads\/2024\/03\/IMG_0946-1536x1152.jpeg 1536w, https:\/\/feeca.eu\/wp-content\/uploads\/2024\/03\/IMG_0946-1500x1125.jpeg 1500w, https:\/\/feeca.eu\/wp-content\/uploads\/2024\/03\/IMG_0946-705x529.jpeg 705w, https:\/\/feeca.eu\/wp-content\/uploads\/2024\/03\/IMG_0946.jpeg 2048w\" sizes=\"auto, (max-width: 300px) 100vw, 300px\" \/><\/a>Initiatives aimed at overcoming fear through family programmes were introduced by Bernadett T\u00f6r\u00f6k, who leads the Office for Family Pastoral Care in the Archdiocese of Alba Iulia, which includes Cluj-Napoca. A further presentation by Bodo Marta on a wide range of Catholic media initiatives rounded off the impressive work of the Romanian colleagues.<\/p>\n<p>Weiters konnten wir ein sehr interessantes Wohnprojekt der Kongregation der Helferinnen f\u00fcr Jugendliche in Cluj kennenlernen. Dr.in Silvia Bereczik SA und Magdolna Tomka SA, beide von der Kongregation der Helferinnen, gestalteten auch einen spirituellen und sehr in die pers\u00f6nliche Tiefe gehenden Tagungsabschluss. Einen ganz herzlichen Dank den rum\u00e4nischen Kolleg\/innen f\u00fcr Organisation dieser gro\u00dfartigen Tagung.<\/p>\n<p>Participants also had the opportunity to learn about an inspiring residential project run by the Congregation of the Helpers for Youth in Cluj. Silvia Bereczik and Magdolna Tomka, both from the congregation, also led a spiritual and deeply reflective conclusion to the symposium.<br \/>\nWarm thanks go to the Romanian colleagues for organising this outstanding conference.<br \/>\nA greeting message from Hungarian Member of the European Parliament Gy\u00f6rgy H\u00f6lv\u00e9nyi was also made available to the symposium and can be read <a href=\"http:\/\/feeca.eu\/wp-content\/uploads\/2024\/03\/Grusswort-FEECA-Fachtagung-Kolozsvar-002-1.pdf\" target=\"_blank\" rel=\"noopener\">here.<\/a><\/p>\n<\/div><\/section>\n<div  class='hr av-tmlk7-fb66621efc6929ec8d2d59157d8c999c hr-default  avia-builder-el-11  el_after_av_textblock  el_before_av_textblock '><span class='hr-inner '><span class=\"hr-inner-style\"><\/span><\/span><\/div>\n<section  class='av_textblock_section av-mojpd9d0-9ae8c909399b29fa3e8d1730375910fd '   itemscope=\"itemscope\" itemtype=\"https:\/\/schema.org\/CreativeWork\" ><div class='avia_textblock'  itemprop=\"text\" ><p class=\"bigHead upper\"><strong>Hubert Petrasch Elected New President of FEECA<\/strong><\/p>\n<p>At this year\u2019s General Assembly of the FEECA, Hubert Petrasch was elected as the new President.<br \/>\nPetrasch, a theologian and educator, serves as Managing Director of the Office for Adult Education in the Archdiocese of Vienna and as Deputy Chair of Catholic Adult Education in Austria.<br \/>\nFollowing his election, Petrasch expressed his anticipation of working closely with the member organisations while also emphasizing the major challenges currently facing adult education across Europe:<br \/>\n\u201cThe COVID-19 pandemic and the sharp rise in costs caused by the energy crisis make it difficult for adult education to fulfil its mission. All the more important, therefore, is that Catholic adult education, through its programmes, offers people hope.\u201d<\/p>\n<p>Hubert Petrasch succeeds Alois Becker, who did not stand for re-election after serving several terms.<br \/>\nFerenc S\u00e1ndor Szak\u00e1cs and Andrea Heim were elected as Vice-Presidents and will complete the Executive Board.<\/p>\n<\/div><\/section>\n<div  class='hr av-jxekn-13c1090c8aee5ce1d382abbc9e8a0039 hr-default  avia-builder-el-13  el_after_av_textblock  el_before_av_textblock '><span class='hr-inner '><span class=\"hr-inner-style\"><\/span><\/span><\/div>\n<section  class='av_textblock_section av-mojpdo1s-47609825de79df4f05a71f2bfe7feb10 '   itemscope=\"itemscope\" itemtype=\"https:\/\/schema.org\/CreativeWork\" ><div class='avia_textblock'  itemprop=\"text\" ><p class=\"bigHead upper\"><strong>Leadership Change in the Forum for Catholic Adult Education in Austria<br \/>\n<\/strong><\/p>\n<p>On 1 October 2020, Bernd Wachter assumed the role of Federal Managing Director of the Forum for Catholic Adult Education in Austria, succeeding Ernst Sandriesser, who had served in the role since 2018.<br \/>\nFurther information is available here: <a href=\"https:\/\/erwachsenenbildung.at\/aktuell\/nachrichten\/14388-fuehrungswechsel-im-forum-katholischer-erwachsenenbildung.php\">Link<\/a><\/p>\n<\/div><\/section>\n<div  class='hr av-1gzlb-3e340db9241ed04c4088776de6d9c108 hr-default  avia-builder-el-15  el_after_av_textblock  el_before_av_textblock '><span class='hr-inner '><span class=\"hr-inner-style\"><\/span><\/span><\/div>\n<section  class='av_textblock_section av-mojpe5at-a1bd5169b65cfc4950c351e72a9a0737 '   itemscope=\"itemscope\" itemtype=\"https:\/\/schema.org\/CreativeWork\" ><div class='avia_textblock'  itemprop=\"text\" ><p><strong>The Role and Cooperation of Church Educational Institutions in Shaping Romanian Society<\/strong><\/p>\n<p>The symposium of the FEECA, organised in cooperation with Renovabis, will take place in Cluj-Napoca from 27 to 28 April 2020.<br \/>\nThe programme can be found here: <a href=\"http:\/\/feeca.eu\/wp-content\/uploads\/2024\/03\/2020_FT_Programm.pdf\">Programme FEECA Symposium 2020<\/a><\/p>\n<\/div><\/section>\n<div  class='hr av-pbg7-71cbe8c535c80e9fcb0e459ed673e3dc hr-default  avia-builder-el-17  el_after_av_textblock  avia-builder-el-last '><span class='hr-inner '><span class=\"hr-inner-style\"><\/span><\/span><\/div>\n","protected":false},"excerpt":{"rendered":"","protected":false},"author":1,"featured_media":0,"parent":0,"menu_order":0,"comment_status":"closed","ping_status":"closed","template":"","meta":{"footnotes":""},"class_list":["post-241","page","type-page","status-publish","hentry"],"_links":{"self":[{"href":"https:\/\/feeca.eu\/en\/wp-json\/wp\/v2\/pages\/241","targetHints":{"allow":["GET"]}}],"collection":[{"href":"https:\/\/feeca.eu\/en\/wp-json\/wp\/v2\/pages"}],"about":[{"href":"https:\/\/feeca.eu\/en\/wp-json\/wp\/v2\/types\/page"}],"author":[{"embeddable":true,"href":"https:\/\/feeca.eu\/en\/wp-json\/wp\/v2\/users\/1"}],"replies":[{"embeddable":true,"href":"https:\/\/feeca.eu\/en\/wp-json\/wp\/v2\/comments?post=241"}],"version-history":[{"count":9,"href":"https:\/\/feeca.eu\/en\/wp-json\/wp\/v2\/pages\/241\/revisions"}],"predecessor-version":[{"id":277,"href":"https:\/\/feeca.eu\/en\/wp-json\/wp\/v2\/pages\/241\/revisions\/277"}],"wp:attachment":[{"href":"https:\/\/feeca.eu\/en\/wp-json\/wp\/v2\/media?parent=241"}],"curies":[{"name":"wp","href":"https:\/\/api.w.org\/{rel}","templated":true}]}}