{"id":111,"date":"2024-02-19T18:48:15","date_gmt":"2024-02-19T17:48:15","guid":{"rendered":"http:\/\/2024.feeca.eu\/?page_id=111"},"modified":"2024-04-26T16:46:09","modified_gmt":"2024-04-26T14:46:09","slug":"members","status":"publish","type":"page","link":"https:\/\/feeca.eu\/en\/members\/","title":{"rendered":"Members"},"content":{"rendered":"<div id='full_slider_1'  class='avia-fullwidth-slider main_color avia-shadow av-small-hide av-mini-hide  avia-builder-el-0  el_before_av_slideshow_full  avia-builder-el-first   container_wrap fullsize'  ><div  class='avia-slideshow av-lsu7ny1l-9a2da77e07d10d1bb3bbe19f0b2967d5 avia-slideshow-no scaling av_slideshow_full avia-slide-slider av-small-hide av-mini-hide av-slideshow-ui av-control-default av-slideshow-manual av-loop-once av-loop-manual-endless av-default-height-applied   avia-slideshow-1' data-slideshow-options=\"{&quot;animation&quot;:&quot;slide&quot;,&quot;autoplay&quot;:false,&quot;loop_autoplay&quot;:&quot;once&quot;,&quot;interval&quot;:5,&quot;loop_manual&quot;:&quot;manual-endless&quot;,&quot;autoplay_stopper&quot;:false,&quot;noNavigation&quot;:false,&quot;bg_slider&quot;:false,&quot;keep_padding&quot;:false,&quot;hoverpause&quot;:false,&quot;show_slide_delay&quot;:0}\"  itemprop=\"image\" itemscope=\"itemscope\" itemtype=\"https:\/\/schema.org\/ImageObject\" ><ul class='avia-slideshow-inner ' style='padding-bottom: 12.5%;'><li  class='avia-slideshow-slide av-lsu7ny1l-9a2da77e07d10d1bb3bbe19f0b2967d5__0  av-single-slide slide-1 slide-odd'><div data-rel='slideshow-1' class='avia-slide-wrap '   ><img decoding=\"async\" fetchpriority=\"high\" class=\"wp-image-207 avia-img-lazy-loading-not-207\"  src=\"https:\/\/feeca.eu\/wp-content\/uploads\/2024\/02\/118667890-ein-mann-mit-einer-reisetasche-auf-dem-weg-nach-europa-2400.jpg\" width=\"2400\" height=\"300\" title='118667890-ein-mann-mit-einer-reisetasche-auf-dem-weg-nach-europa-2400' alt=''  itemprop=\"thumbnailUrl\" srcset=\"https:\/\/feeca.eu\/wp-content\/uploads\/2024\/02\/118667890-ein-mann-mit-einer-reisetasche-auf-dem-weg-nach-europa-2400.jpg 2400w, https:\/\/feeca.eu\/wp-content\/uploads\/2024\/02\/118667890-ein-mann-mit-einer-reisetasche-auf-dem-weg-nach-europa-2400-300x38.jpg 300w, https:\/\/feeca.eu\/wp-content\/uploads\/2024\/02\/118667890-ein-mann-mit-einer-reisetasche-auf-dem-weg-nach-europa-2400-1030x129.jpg 1030w, https:\/\/feeca.eu\/wp-content\/uploads\/2024\/02\/118667890-ein-mann-mit-einer-reisetasche-auf-dem-weg-nach-europa-2400-768x96.jpg 768w, https:\/\/feeca.eu\/wp-content\/uploads\/2024\/02\/118667890-ein-mann-mit-einer-reisetasche-auf-dem-weg-nach-europa-2400-1536x192.jpg 1536w, https:\/\/feeca.eu\/wp-content\/uploads\/2024\/02\/118667890-ein-mann-mit-einer-reisetasche-auf-dem-weg-nach-europa-2400-2048x256.jpg 2048w, https:\/\/feeca.eu\/wp-content\/uploads\/2024\/02\/118667890-ein-mann-mit-einer-reisetasche-auf-dem-weg-nach-europa-2400-1500x188.jpg 1500w, https:\/\/feeca.eu\/wp-content\/uploads\/2024\/02\/118667890-ein-mann-mit-einer-reisetasche-auf-dem-weg-nach-europa-2400-705x88.jpg 705w\" sizes=\"(max-width: 2400px) 100vw, 2400px\" \/><\/div><\/li><\/ul><\/div><\/div>\n<div id='full_slider_2'  class='avia-fullwidth-slider main_color avia-shadow av-desktop-hide av-medium-hide  avia-builder-el-1  el_after_av_slideshow_full  el_before_av_section   slider-not-first container_wrap fullsize'  ><div  class='avia-slideshow av-lsu7xpre-4219589a065751b3e5bfcbe3e39305ef avia-slideshow-featured_large av_slideshow_full avia-slide-slider av-desktop-hide av-medium-hide av-slideshow-ui av-control-default av-slideshow-manual av-loop-once av-loop-manual-endless av-default-height-applied   avia-slideshow-2' data-slideshow-options=\"{&quot;animation&quot;:&quot;slide&quot;,&quot;autoplay&quot;:false,&quot;loop_autoplay&quot;:&quot;once&quot;,&quot;interval&quot;:5,&quot;loop_manual&quot;:&quot;manual-endless&quot;,&quot;autoplay_stopper&quot;:false,&quot;noNavigation&quot;:false,&quot;bg_slider&quot;:false,&quot;keep_padding&quot;:false,&quot;hoverpause&quot;:false,&quot;show_slide_delay&quot;:0}\"  itemprop=\"image\" itemscope=\"itemscope\" itemtype=\"https:\/\/schema.org\/ImageObject\" ><ul class='avia-slideshow-inner ' style='padding-bottom: 48.461538461538%;'><li  class='avia-slideshow-slide av-lsu7xpre-4219589a065751b3e5bfcbe3e39305ef__0  av-single-slide slide-1 slide-odd'><div data-rel='slideshow-2' class='avia-slide-wrap '   ><img decoding=\"async\" fetchpriority=\"high\" class=\"wp-image-209 avia-img-lazy-loading-not-209\"  src=\"https:\/\/feeca.eu\/wp-content\/uploads\/2024\/02\/118667890-ein-mann-mit-einer-reisetasche-auf-dem-weg-nach-europa-1300x630.jpg\" width=\"1300\" height=\"630\" title='118667890-ein-mann-mit-einer-reisetasche-auf-dem-weg-nach-europa' alt=''  itemprop=\"thumbnailUrl\"   \/><\/div><\/li><\/ul><\/div><\/div>\n<div id='av_section_1'  class='avia-section av-av_section-8c038a69d7b065b313c8996090138e7a main_color avia-section-default avia-no-border-styling  avia-builder-el-2  el_after_av_slideshow_full  avia-builder-el-last  avia-bg-style-scroll container_wrap fullsize'  ><div class='container av-section-cont-open' ><div class='template-page content  av-content-full alpha units'><div class='post-entry post-entry-type-page post-entry-111'><div class='entry-content-wrapper clearfix'>\n<div  class='flex_column av-av_one_fifth-41ee899840124b6993b57a87f996c353 av_one_fifth  avia-builder-el-3  el_before_av_four_fifth  avia-builder-el-first  first flex_column_div  '     ><style type=\"text\/css\" data-created_by=\"avia_inline_auto\" id=\"style-css-av-av_image-0fbe1e919f4b02a6b8eca4b697f27da9\">\n.avia-image-container.av-av_image-0fbe1e919f4b02a6b8eca4b697f27da9 img.avia_image{\nbox-shadow:none;\n}\n.avia-image-container.av-av_image-0fbe1e919f4b02a6b8eca4b697f27da9 .av-image-caption-overlay-center{\ncolor:#ffffff;\n}\n<\/style>\n<div  class='avia-image-container av-av_image-0fbe1e919f4b02a6b8eca4b697f27da9 av-styling- avia-align-left  avia-builder-el-4  avia-builder-el-no-sibling '   itemprop=\"image\" itemscope=\"itemscope\" itemtype=\"https:\/\/schema.org\/ImageObject\" ><div class=\"avia-image-container-inner\"><div class=\"avia-image-overlay-wrap\"><img decoding=\"async\" fetchpriority=\"high\" class='wp-image-166 avia-img-lazy-loading-not-166 avia_image ' src=\"https:\/\/feeca.eu\/wp-content\/uploads\/2024\/02\/keb-logo-138x300.jpg\" alt='' title='keb-logo'  height=\"300\" width=\"138\"  itemprop=\"thumbnailUrl\" srcset=\"https:\/\/feeca.eu\/wp-content\/uploads\/2024\/02\/keb-logo-138x300.jpg 138w, https:\/\/feeca.eu\/wp-content\/uploads\/2024\/02\/keb-logo-472x1030.jpg 472w, https:\/\/feeca.eu\/wp-content\/uploads\/2024\/02\/keb-logo-768x1675.jpg 768w, https:\/\/feeca.eu\/wp-content\/uploads\/2024\/02\/keb-logo-704x1536.jpg 704w, https:\/\/feeca.eu\/wp-content\/uploads\/2024\/02\/keb-logo-939x2048.jpg 939w, https:\/\/feeca.eu\/wp-content\/uploads\/2024\/02\/keb-logo-688x1500.jpg 688w, https:\/\/feeca.eu\/wp-content\/uploads\/2024\/02\/keb-logo-323x705.jpg 323w, https:\/\/feeca.eu\/wp-content\/uploads\/2024\/02\/keb-logo-scaled.jpg 1174w\" sizes=\"(max-width: 138px) 100vw, 138px\" \/><\/div><\/div><\/div><\/div><div  class='flex_column av-av_four_fifth-58a6369d5c19d308284fa729d91312fa av_four_fifth  avia-builder-el-5  el_after_av_one_fifth  el_before_av_hr  flex_column_div  '     ><section  class='av_textblock_section av-lstco87e-427f095e12675951681ec69111ebb2b1 '   itemscope=\"itemscope\" itemtype=\"https:\/\/schema.org\/CreativeWork\" ><div class='avia_textblock'  itemprop=\"text\" ><h2>Germany<\/h2>\n<h2>Katholische Erwachsenenbildung Deutschland \u2013 Bundesarbeitsgemeinschaft e.V. (KEB Deutschland e.V.)<\/h2>\n<p>The Katholische Erwachsenenbildung Deutschland\u00a0 \u2013 Bundesarbeitsgemeinschaft (KEB) was founded in 1957. It is the Catholic umbrella organisation of adult education in the Federal Republic of Germany with presently 56 members and 660 institutions. KEB is the largest non-municipal supplier of general further education in Germany.<\/p>\n<p>KEB represents the interests of catholic instituions of adult education vis-\u00e0-vis the German Federal Government and the German Bishops Conference. It represents the Catholic adult education vis-\u00e0-vis federal offices and other institutions of education.<\/p>\n<p>It maintains commissions for media, employee training and education in old age. KEB is carrier of nationwide projects and organizes conferences and seminars. It is editor of ERWACHSENENBILDUNG (EB), journals and series of publications.<\/p>\n<p>Adress: Rheinweg 34, D-53113 Bonn<br \/>\nE-Mail: <a href=\"mailto:keb@keb-deutschland.de\">keb@keb-deutschland.de<\/a><br \/>\nWeb: <a href=\"https:\/\/www.keb-deutschland.de\" target=\"_blank\" rel=\"noreferrer noopener\">www.keb-deutschland.de<\/a><\/p>\n<\/div><\/section><\/div><div  class='hr av-av_hr-91d7ccd583a503147498e120fee2ff9b hr-default  avia-builder-el-7  el_after_av_four_fifth  el_before_av_one_fifth '><span class='hr-inner '><span class=\"hr-inner-style\"><\/span><\/span><\/div>\n<div  class='flex_column av-av_one_fifth-41ee899840124b6993b57a87f996c353 av_one_fifth  avia-builder-el-8  el_after_av_hr  el_before_av_four_fifth  first flex_column_div  '     ><style type=\"text\/css\" data-created_by=\"avia_inline_auto\" id=\"style-css-av-av_image-5e69a5b12e682e77c07fef57344c8ad1\">\n.avia-image-container.av-av_image-5e69a5b12e682e77c07fef57344c8ad1 img.avia_image{\nbox-shadow:none;\n}\n.avia-image-container.av-av_image-5e69a5b12e682e77c07fef57344c8ad1 .av-image-caption-overlay-center{\ncolor:#ffffff;\n}\n<\/style>\n<div  class='avia-image-container av-av_image-5e69a5b12e682e77c07fef57344c8ad1 av-styling- avia-align-left  avia-builder-el-9  avia-builder-el-no-sibling '   itemprop=\"image\" itemscope=\"itemscope\" itemtype=\"https:\/\/schema.org\/ImageObject\" ><div class=\"avia-image-container-inner\"><div class=\"avia-image-overlay-wrap\"><img decoding=\"async\" fetchpriority=\"high\" class='wp-image-170 avia-img-lazy-loading-not-170 avia_image ' src=\"https:\/\/feeca.eu\/wp-content\/uploads\/2024\/02\/forum_logo-oesterreich-300x168.jpg\" alt='' title='Druck'  height=\"168\" width=\"300\"  itemprop=\"thumbnailUrl\" srcset=\"https:\/\/feeca.eu\/wp-content\/uploads\/2024\/02\/forum_logo-oesterreich-300x168.jpg 300w, https:\/\/feeca.eu\/wp-content\/uploads\/2024\/02\/forum_logo-oesterreich-1030x577.jpg 1030w, https:\/\/feeca.eu\/wp-content\/uploads\/2024\/02\/forum_logo-oesterreich-768x430.jpg 768w, https:\/\/feeca.eu\/wp-content\/uploads\/2024\/02\/forum_logo-oesterreich-705x395.jpg 705w, https:\/\/feeca.eu\/wp-content\/uploads\/2024\/02\/forum_logo-oesterreich.jpg 1181w\" sizes=\"(max-width: 300px) 100vw, 300px\" \/><\/div><\/div><\/div><\/div><div  class='flex_column av-av_four_fifth-58a6369d5c19d308284fa729d91312fa av_four_fifth  avia-builder-el-10  el_after_av_one_fifth  el_before_av_hr  flex_column_div  '     ><section  class='av_textblock_section av-lsu6mhr1-82452a32ad98ebb5faca2b88ae8cca04 '   itemscope=\"itemscope\" itemtype=\"https:\/\/schema.org\/CreativeWork\" ><div class='avia_textblock'  itemprop=\"text\" ><h2>Austria<\/h2>\n<h2>Forum Katholischer Erwachsenenbildung in \u00d6sterreich<\/h2>\n<p>The Forum Katholischer Erwachsenenbildung \u00d6sterreich networks more than 60 organisations of adult education in church sponsorship.<\/p>\n<p>The offer of the organisation includes all areas of modern science and places the human and the personal development in the centre of the work. With that it is a key resource to support the European knowledge area.<\/p>\n<p>Forum Katholischer Erwachsenenbildung \u00d6sterreich offers workshops, seminars, trainings and conferences in theological, political, personality building and spiritual education.<\/p>\n<p>Adress: Erdbergstra\u00dfe 72\/Top 8, A-1030 Wien<br \/>\nE-Mail: <a href=\"mailto:office@forumkeb.at\">office@forumkeb.at<\/a><br \/>\nWeb: <a title=\"www.forumkeb.at\" href=\"http:\/\/www.forumkeb.at\" target=\"_blank\" rel=\"noopener noreferrer\">www.forumkeb.at<\/a><\/p>\n<\/div><\/section><\/div><div  class='hr av-av_hr-91d7ccd583a503147498e120fee2ff9b hr-default  avia-builder-el-12  el_after_av_four_fifth  el_before_av_one_fifth '><span class='hr-inner '><span class=\"hr-inner-style\"><\/span><\/span><\/div>\n<div  class='flex_column av-av_one_fifth-41ee899840124b6993b57a87f996c353 av_one_fifth  avia-builder-el-13  el_after_av_hr  el_before_av_four_fifth  first flex_column_div  '     ><style type=\"text\/css\" data-created_by=\"avia_inline_auto\" id=\"style-css-av-av_image-b1014d23372f2bf507cb00d553b39e85\">\n.avia-image-container.av-av_image-b1014d23372f2bf507cb00d553b39e85 img.avia_image{\nbox-shadow:none;\n}\n.avia-image-container.av-av_image-b1014d23372f2bf507cb00d553b39e85 .av-image-caption-overlay-center{\ncolor:#ffffff;\n}\n<\/style>\n<div  class='avia-image-container av-av_image-b1014d23372f2bf507cb00d553b39e85 av-styling- avia-align-left  avia-builder-el-14  avia-builder-el-no-sibling '   itemprop=\"image\" itemscope=\"itemscope\" itemtype=\"https:\/\/schema.org\/ImageObject\" ><div class=\"avia-image-container-inner\"><div class=\"avia-image-overlay-wrap\"><img decoding=\"async\" fetchpriority=\"high\" class='wp-image-172 avia-img-lazy-loading-not-172 avia_image ' src=\"https:\/\/feeca.eu\/wp-content\/uploads\/2024\/02\/pro-educatione-300x189.jpg\" alt='' title='pro educatione'  height=\"189\" width=\"300\"  itemprop=\"thumbnailUrl\" srcset=\"https:\/\/feeca.eu\/wp-content\/uploads\/2024\/02\/pro-educatione-300x189.jpg 300w, https:\/\/feeca.eu\/wp-content\/uploads\/2024\/02\/pro-educatione-1030x648.jpg 1030w, https:\/\/feeca.eu\/wp-content\/uploads\/2024\/02\/pro-educatione-768x483.jpg 768w, https:\/\/feeca.eu\/wp-content\/uploads\/2024\/02\/pro-educatione-1536x967.jpg 1536w, https:\/\/feeca.eu\/wp-content\/uploads\/2024\/02\/pro-educatione-2048x1289.jpg 2048w, https:\/\/feeca.eu\/wp-content\/uploads\/2024\/02\/pro-educatione-1500x944.jpg 1500w, https:\/\/feeca.eu\/wp-content\/uploads\/2024\/02\/pro-educatione-705x444.jpg 705w\" sizes=\"(max-width: 300px) 100vw, 300px\" \/><\/div><\/div><\/div><\/div><div  class='flex_column av-av_four_fifth-58a6369d5c19d308284fa729d91312fa av_four_fifth  avia-builder-el-15  el_after_av_one_fifth  el_before_av_hr  flex_column_div  '     ><section  class='av_textblock_section av-lsu6mufi-675d4351746a8deb940ebcfc19e535ae '   itemscope=\"itemscope\" itemtype=\"https:\/\/schema.org\/CreativeWork\" ><div class='avia_textblock'  itemprop=\"text\" ><h2>Romania<\/h2>\n<h2>Pro Educatione Egyes\u00fclet<\/h2>\n<p>The association Pro Educatione was founded in 2011 to network the Christian initiatives of adult education in the archsdiocese Alba Julia.<\/p>\n<p>Aims are the protection of the thoeretical and practical knowledge of the adult education and the support of the members work. The association incites society true to Christian values and represents the interests of the Christian adult education vis-\u00e0-vis church, state and society.<\/p>\n<p>Adress: Str. Sz\u00e9k nr. 147, R-530203 Miercurea Ciuc<br \/>\nE-mail: <a href=\"mailto:office@proeducatione.ro\">office@proeducatione.ro<\/a><br \/>\nWeb: <a title=\"www.proeducatione.ro\" href=\"http:\/\/www.proeducatione.ro\" target=\"_blank\" rel=\"noopener noreferrer\">www.proeducatione.ro<\/a><\/p>\n<\/div><\/section><\/div><div  class='hr av-av_hr-91d7ccd583a503147498e120fee2ff9b hr-default  avia-builder-el-17  el_after_av_four_fifth  el_before_av_one_fifth '><span class='hr-inner '><span class=\"hr-inner-style\"><\/span><\/span><\/div>\n<div  class='flex_column av-av_one_fifth-41ee899840124b6993b57a87f996c353 av_one_fifth  avia-builder-el-18  el_after_av_hr  el_before_av_four_fifth  first flex_column_div  '     ><style type=\"text\/css\" data-created_by=\"avia_inline_auto\" id=\"style-css-av-av_image-a2478c68ccf1a284ee94dd9be1b15fbc\">\n.avia-image-container.av-av_image-a2478c68ccf1a284ee94dd9be1b15fbc img.avia_image{\nbox-shadow:none;\n}\n.avia-image-container.av-av_image-a2478c68ccf1a284ee94dd9be1b15fbc .av-image-caption-overlay-center{\ncolor:#ffffff;\n}\n<\/style>\n<div  class='avia-image-container av-av_image-a2478c68ccf1a284ee94dd9be1b15fbc av-styling- avia-align-left  avia-builder-el-19  avia-builder-el-no-sibling '   itemprop=\"image\" itemscope=\"itemscope\" itemtype=\"https:\/\/schema.org\/ImageObject\" ><div class=\"avia-image-container-inner\"><div class=\"avia-image-overlay-wrap\"><img decoding=\"async\" fetchpriority=\"high\" class='wp-image-174 avia-img-lazy-loading-not-174 avia_image ' src=\"https:\/\/feeca.eu\/wp-content\/uploads\/2024\/02\/Logo-KAGEB-Kreis-farbig-300x271.jpg\" alt='' title='Logo-KAGEB-Kreis-farbig'  height=\"271\" width=\"300\"  itemprop=\"thumbnailUrl\" srcset=\"https:\/\/feeca.eu\/wp-content\/uploads\/2024\/02\/Logo-KAGEB-Kreis-farbig-300x271.jpg 300w, https:\/\/feeca.eu\/wp-content\/uploads\/2024\/02\/Logo-KAGEB-Kreis-farbig-768x693.jpg 768w, https:\/\/feeca.eu\/wp-content\/uploads\/2024\/02\/Logo-KAGEB-Kreis-farbig-705x636.jpg 705w, https:\/\/feeca.eu\/wp-content\/uploads\/2024\/02\/Logo-KAGEB-Kreis-farbig.jpg 920w\" sizes=\"(max-width: 300px) 100vw, 300px\" \/><\/div><\/div><\/div><\/div><div  class='flex_column av-av_four_fifth-58a6369d5c19d308284fa729d91312fa av_four_fifth  avia-builder-el-20  el_after_av_one_fifth  el_before_av_hr  flex_column_div  '     ><section  class='av_textblock_section av-lsu6n91g-a77661e55598f276ce43b94a96a5bb4e '   itemscope=\"itemscope\" itemtype=\"https:\/\/schema.org\/CreativeWork\" ><div class='avia_textblock'  itemprop=\"text\" ><h2>Swiss<\/h2>\n<h2>Katholische Arbeitsgemeinschaft f\u00fcr Erwachsenenbildung der Schweiz und Liechtensteins (KAGEB)<\/h2>\n<p>The KAGEB is a service association of adult education and networks more than 30 Catholic education centers, organisations and associations..<\/p>\n<p>Aims are to represent the interests of Catholic adult education vis-\u00e0-vis church, state and society and to support and to network the members. The member institutions offer an extensive range of courses in theological, spiritual, political and personality building education.<\/p>\n<p>Adress: Alpenquai 4, CH-6002 Luzern<br \/>\nE-Mail: <a href=\"mailto:info@kageb.ch\">info@kageb.ch<\/a><br \/>\nWeb: <a title=\"www.kageb.ch\" href=\"http:\/\/www.kageb.ch\" target=\"_blank\" rel=\"noopener noreferrer\">www.kageb.ch<\/a><\/p>\n<\/div><\/section><\/div><div  class='hr av-av_hr-91d7ccd583a503147498e120fee2ff9b hr-default  avia-builder-el-22  el_after_av_four_fifth  el_before_av_one_fifth '><span class='hr-inner '><span class=\"hr-inner-style\"><\/span><\/span><\/div>\n<div  class='flex_column av-av_one_fifth-41ee899840124b6993b57a87f996c353 av_one_fifth  avia-builder-el-23  el_after_av_hr  el_before_av_four_fifth  first flex_column_div  '     ><style type=\"text\/css\" data-created_by=\"avia_inline_auto\" id=\"style-css-av-av_image-d002c9b050a5889d366859c249ee35b7\">\n.avia-image-container.av-av_image-d002c9b050a5889d366859c249ee35b7 img.avia_image{\nbox-shadow:none;\n}\n.avia-image-container.av-av_image-d002c9b050a5889d366859c249ee35b7 .av-image-caption-overlay-center{\ncolor:#ffffff;\n}\n<\/style>\n<div  class='avia-image-container av-av_image-d002c9b050a5889d366859c249ee35b7 av-styling- avia-align-left  avia-builder-el-24  avia-builder-el-no-sibling '   itemprop=\"image\" itemscope=\"itemscope\" itemtype=\"https:\/\/schema.org\/ImageObject\" ><div class=\"avia-image-container-inner\"><div class=\"avia-image-overlay-wrap\"><img decoding=\"async\" fetchpriority=\"high\" class='wp-image-176 avia-img-lazy-loading-not-176 avia_image ' src=\"https:\/\/feeca.eu\/wp-content\/uploads\/2024\/02\/mska_modre_pozadi-300x218.png\" alt='' title='mska_modre_pozadi'  height=\"218\" width=\"300\"  itemprop=\"thumbnailUrl\" srcset=\"https:\/\/feeca.eu\/wp-content\/uploads\/2024\/02\/mska_modre_pozadi-300x218.png 300w, https:\/\/feeca.eu\/wp-content\/uploads\/2024\/02\/mska_modre_pozadi-768x558.png 768w, https:\/\/feeca.eu\/wp-content\/uploads\/2024\/02\/mska_modre_pozadi-705x512.png 705w, https:\/\/feeca.eu\/wp-content\/uploads\/2024\/02\/mska_modre_pozadi.png 798w\" sizes=\"(max-width: 300px) 100vw, 300px\" \/><\/div><\/div><\/div><\/div><div  class='flex_column av-av_four_fifth-58a6369d5c19d308284fa729d91312fa av_four_fifth  avia-builder-el-25  el_after_av_one_fifth  el_before_av_hr  flex_column_div  '     ><section  class='av_textblock_section av-lsu6nzpv-6907a666e954a9243e3a4a07ed26b2a7 '   itemscope=\"itemscope\" itemtype=\"https:\/\/schema.org\/CreativeWork\" ><div class='avia_textblock'  itemprop=\"text\" ><h2>Czech Republik<\/h2>\n<h2>Moravsko-slezsk\u00e1 k\u0159es\u0165ansk\u00e1 akademie (MSKA)<\/h2>\n<p>MSKA is an independant association of education of the Movarian church province. The headquarter is in Brno and the Akademie has offices in different Movarian and Silesian cities.<\/p>\n<p>Aims are expansion and networking of the Catholic adult education, cooperation with other organisations of education in neighboring countries, expansion of the range of courses and to represent the interests of Catholic adult education vis-\u00e0-vis church, state and society.<\/p>\n<p>The Akademie organizes conferences and seminars and is editor of the journal Dialog Europa XXL.<\/p>\n<p>Adress: Wurmova 11, CZ-771 00 Olomouc<br \/>\nE-Mail: <a href=\"mailto:mska@mska-akademie.cz\">mska@mska-akademie.cz<\/a><br \/>\nWeb: <a href=\"http:\/\/www.mska-akademie.cz\" target=\"_blank\" rel=\"noopener\">www.mska-akademie.cz<\/a><\/p>\n<\/div><\/section><\/div><div  class='hr av-av_hr-91d7ccd583a503147498e120fee2ff9b hr-default  avia-builder-el-27  el_after_av_four_fifth  el_before_av_one_fifth '><span class='hr-inner '><span class=\"hr-inner-style\"><\/span><\/span><\/div>\n<div  class='flex_column av-av_one_fifth-41ee899840124b6993b57a87f996c353 av_one_fifth  avia-builder-el-28  el_after_av_hr  el_before_av_four_fifth  first flex_column_div  '     ><style type=\"text\/css\" data-created_by=\"avia_inline_auto\" id=\"style-css-av-av_image-fc494f6ef67dcaae99a2798428267ddf\">\n.avia-image-container.av-av_image-fc494f6ef67dcaae99a2798428267ddf img.avia_image{\nbox-shadow:none;\n}\n.avia-image-container.av-av_image-fc494f6ef67dcaae99a2798428267ddf .av-image-caption-overlay-center{\ncolor:#ffffff;\n}\n<\/style>\n<div  class='avia-image-container av-av_image-fc494f6ef67dcaae99a2798428267ddf av-styling- avia-align-left  avia-builder-el-29  avia-builder-el-no-sibling '   itemprop=\"image\" itemscope=\"itemscope\" itemtype=\"https:\/\/schema.org\/ImageObject\" ><div class=\"avia-image-container-inner\"><div class=\"avia-image-overlay-wrap\"><img decoding=\"async\" fetchpriority=\"high\" class='wp-image-178 avia-img-lazy-loading-not-178 avia_image ' src=\"https:\/\/feeca.eu\/wp-content\/uploads\/2024\/02\/Logo-KIFE-Ungarn.jpg\" alt='' title='Logo-KIFE-Ungarn'  height=\"200\" width=\"200\"  itemprop=\"thumbnailUrl\" srcset=\"https:\/\/feeca.eu\/wp-content\/uploads\/2024\/02\/Logo-KIFE-Ungarn.jpg 200w, https:\/\/feeca.eu\/wp-content\/uploads\/2024\/02\/Logo-KIFE-Ungarn-80x80.jpg 80w, https:\/\/feeca.eu\/wp-content\/uploads\/2024\/02\/Logo-KIFE-Ungarn-36x36.jpg 36w, https:\/\/feeca.eu\/wp-content\/uploads\/2024\/02\/Logo-KIFE-Ungarn-180x180.jpg 180w\" sizes=\"(max-width: 200px) 100vw, 200px\" \/><\/div><\/div><\/div><\/div><div  class='flex_column av-av_four_fifth-58a6369d5c19d308284fa729d91312fa av_four_fifth  avia-builder-el-30  el_after_av_one_fifth  el_before_av_hr  flex_column_div  '     ><section  class='av_textblock_section av-lsu6oxzo-d0186589257e720cea7e746951c5b790 '   itemscope=\"itemscope\" itemtype=\"https:\/\/schema.org\/CreativeWork\" ><div class='avia_textblock'  itemprop=\"text\" ><h2>Hungary<\/h2>\n<h2>Katolikus Ifj\u00fas\u00e1gi \u00e9s Feln\u00f5ttk\u00e9pz\u00e9si Egyes\u00fclet (KIFE)<\/h2>\n<p>The Catholic Youth and Adult Education Association (KIFE) is a nationwide umbrella organisation embracing 31 organisations with the aim of providing a forum for catholic youth and adult education organisations and initiatives in Hungary and across the border. KIFE particularly aims at continuously enhancing the quality of the training activities, supporting the work of the member organizations and the representation of associates in Hungary and abroad.<\/p>\n<p>The main aim of KIFE\u2019s operation is the provide services on the field of youth and adult education. During its 17 year existence, it allocated lots of high quality knowledge and professional relationships, and was continuously seeking areas and situations that were in the need of development. Its services, partnership and professional support is provided and offered for various spheres.<\/p>\n<p>KIFE itself initiates and starts innovative projects related to youth development and adult education. A strong emphasis is laid on enhancing the participation of target groups, who suffer from disadvantages for some reason and on providing them with equal opportunities.<\/p>\n<p>Adress: Kolozsv\u00e1ri t\u00e9r 12\/b<br \/>\n6725 Szeged<br \/>\nE-Mail: <a href=\"mailto:info@kife.hu\">info@kife.hu<\/a><br \/>\nWeb: <a title=\"www.kife.hu\" href=\"http:\/\/www.kife.hu\" target=\"_blank\" rel=\"noopener noreferrer\">www.kife.hu<\/a><\/p>\n<\/div><\/section><\/div><div  class='hr av-av_hr-91d7ccd583a503147498e120fee2ff9b hr-default  avia-builder-el-32  el_after_av_four_fifth  el_before_av_one_fifth '><span class='hr-inner '><span class=\"hr-inner-style\"><\/span><\/span><\/div>\n<div  class='flex_column av-av_one_fifth-41ee899840124b6993b57a87f996c353 av_one_fifth  avia-builder-el-33  el_after_av_hr  el_before_av_four_fifth  first flex_column_div  '     ><style type=\"text\/css\" data-created_by=\"avia_inline_auto\" id=\"style-css-av-av_image-b518d22c19b8016d2a94f30147382a52\">\n.avia-image-container.av-av_image-b518d22c19b8016d2a94f30147382a52 img.avia_image{\nbox-shadow:none;\n}\n.avia-image-container.av-av_image-b518d22c19b8016d2a94f30147382a52 .av-image-caption-overlay-center{\ncolor:#ffffff;\n}\n<\/style>\n<div  class='avia-image-container av-av_image-b518d22c19b8016d2a94f30147382a52 av-styling- avia-align-left  avia-builder-el-34  avia-builder-el-no-sibling '   itemprop=\"image\" itemscope=\"itemscope\" itemtype=\"https:\/\/schema.org\/ImageObject\" ><div class=\"avia-image-container-inner\"><div class=\"avia-image-overlay-wrap\"><img decoding=\"async\" fetchpriority=\"high\" class='wp-image-182 avia-img-lazy-loading-not-182 avia_image ' src=\"https:\/\/feeca.eu\/wp-content\/uploads\/2024\/02\/Logo-AKEBS-300x151.jpg\" alt='' title='Logo-AKEBS'  height=\"151\" width=\"300\"  itemprop=\"thumbnailUrl\" srcset=\"https:\/\/feeca.eu\/wp-content\/uploads\/2024\/02\/Logo-AKEBS-300x151.jpg 300w, https:\/\/feeca.eu\/wp-content\/uploads\/2024\/02\/Logo-AKEBS-1030x519.jpg 1030w, https:\/\/feeca.eu\/wp-content\/uploads\/2024\/02\/Logo-AKEBS-768x387.jpg 768w, https:\/\/feeca.eu\/wp-content\/uploads\/2024\/02\/Logo-AKEBS-1536x774.jpg 1536w, https:\/\/feeca.eu\/wp-content\/uploads\/2024\/02\/Logo-AKEBS-2048x1032.jpg 2048w, https:\/\/feeca.eu\/wp-content\/uploads\/2024\/02\/Logo-AKEBS-1500x756.jpg 1500w, https:\/\/feeca.eu\/wp-content\/uploads\/2024\/02\/Logo-AKEBS-705x355.jpg 705w\" sizes=\"(max-width: 300px) 100vw, 300px\" \/><\/div><\/div><\/div><\/div><div  class='flex_column av-av_four_fifth-58a6369d5c19d308284fa729d91312fa av_four_fifth  avia-builder-el-35  el_after_av_one_fifth  el_before_av_hr  flex_column_div  '     ><section  class='av_textblock_section av-lsu6pmec-00befd35ff038c6822289cbf30a2d385 '   itemscope=\"itemscope\" itemtype=\"https:\/\/schema.org\/CreativeWork\" ><div class='avia_textblock'  itemprop=\"text\" ><h2><strong>Italy<\/strong><\/h2>\n<h2><strong>Arbeitsgemeinschaft der Katholischen Erwachsenenbildung S\u00fcdtirols (AKEBS)<\/strong><\/h2>\n<p>The catholic adult education of south Tyrol (AKEBS) \u2013 foundet 1977 \u2013 is the umbrella organistion of the catholic adult educations of the diocese Bozen-Brixen. The AKEBS<br \/>\n\u2013 represents the interest of the members,<br \/>\n\u2013 develop common activities of adult education institutions,<br \/>\n\u2013 campaign the appreciation of non-formal education besides shool and<br \/>\nvocational education,<br \/>\n\u2013 empower independent judgment and responsible accomphlishement of life:<br \/>\nThe catholic adult education endeavour to be near to the men and their needs and to intellect examination in an plural Society.<\/p>\n<p>Adress: Katholisches Bildungswerk, Domplatz 2, I-39100 Bozen,<br \/>\nTel.: 0039-0471-306209<br \/>\nE-Mail: <a href=\"mailto:kath.bildungswerk@bz-bx.net\">kath.bildungswerk@bz-bx.net<\/a><\/p>\n<\/div><\/section><\/div><div  class='hr av-av_hr-91d7ccd583a503147498e120fee2ff9b hr-default  avia-builder-el-37  el_after_av_four_fifth  el_before_av_one_fifth '><span class='hr-inner '><span class=\"hr-inner-style\"><\/span><\/span><\/div>\n<div  class='flex_column av-av_one_fifth-41ee899840124b6993b57a87f996c353 av_one_fifth  avia-builder-el-38  el_after_av_hr  el_before_av_four_fifth  first flex_column_div  '     ><style type=\"text\/css\" data-created_by=\"avia_inline_auto\" id=\"style-css-av-lsu6so3f-bd9c51e1b0d7ae8e03519dfcb71d663e\">\n.avia-image-container.av-lsu6so3f-bd9c51e1b0d7ae8e03519dfcb71d663e img.avia_image{\nbox-shadow:none;\n}\n.avia-image-container.av-lsu6so3f-bd9c51e1b0d7ae8e03519dfcb71d663e .av-image-caption-overlay-center{\ncolor:#ffffff;\n}\n<\/style>\n<div  class='avia-image-container av-lsu6so3f-bd9c51e1b0d7ae8e03519dfcb71d663e av-styling- avia-align-left  avia-builder-el-39  avia-builder-el-no-sibling '   itemprop=\"image\" itemscope=\"itemscope\" itemtype=\"https:\/\/schema.org\/ImageObject\" ><div class=\"avia-image-container-inner\"><div class=\"avia-image-overlay-wrap\"><img decoding=\"async\" fetchpriority=\"high\" class='wp-image-189 avia-img-lazy-loading-not-189 avia_image ' src=\"https:\/\/feeca.eu\/wp-content\/uploads\/2024\/02\/Kolpingo-kolegija-semi-logo-300x62.png\" alt='' title='Kolpingo-kolegija-semi-logo'  height=\"62\" width=\"300\"  itemprop=\"thumbnailUrl\" srcset=\"https:\/\/feeca.eu\/wp-content\/uploads\/2024\/02\/Kolpingo-kolegija-semi-logo-300x62.png 300w, https:\/\/feeca.eu\/wp-content\/uploads\/2024\/02\/Kolpingo-kolegija-semi-logo-768x159.png 768w, https:\/\/feeca.eu\/wp-content\/uploads\/2024\/02\/Kolpingo-kolegija-semi-logo-705x146.png 705w, https:\/\/feeca.eu\/wp-content\/uploads\/2024\/02\/Kolpingo-kolegija-semi-logo.png 977w\" sizes=\"(max-width: 300px) 100vw, 300px\" \/><\/div><\/div><\/div><\/div><div  class='flex_column av-av_four_fifth-58a6369d5c19d308284fa729d91312fa av_four_fifth  avia-builder-el-40  el_after_av_one_fifth  el_before_av_hr  flex_column_div  '     ><section  class='av_textblock_section av-lsu6q6ox-9c1a7f2a2ea5e127ca3495b9e01d0350 '   itemscope=\"itemscope\" itemtype=\"https:\/\/schema.org\/CreativeWork\" ><div class='avia_textblock'  itemprop=\"text\" ><h2><span class=\"HwtZe\" lang=\"en\"><span class=\"jCAhz ChMk0b\"><span class=\"ryNqvb\">Lithuania<\/span><\/span><\/span><\/h2>\n<h2><strong>KOLPING UNIVERSITY OF APPLIED SCIENCES<\/strong><\/h2>\n<p>The society in Lithuania was established in 1993 and it is a part of International Kolping Society. The Lithuanian Kolping Society unifies layman of different age from all over Lithuania. Organization\u2018s main attention is paid to the work and profession, marriage and family, social, state, cultural and leisure fields.<br \/>\nKolping Society organizes the seminars of Christian social education, democracy and citizenship, organises projects about developing cooperation (help for developing countries), takes part when arranging local and international projects in the social and educational sphere. The Society works with different age groups \u2013 children, youth and adults.<br \/>\nKolping Society considers education as one of the most important tasks, because good professional education is the best guarantee to keep the workplace and gives any person a faithful possibility to asure her\/his main demands from the payment. Good professional education can help to gain more confidence in ourselves and consolidate personality. Education by Kolping Society is understood not only as an onetime attainment of knowledge, but as a process of perfection lasting for all our life, and for which every person is responsible by her\/his own.<\/p>\n<p>Adress: Kolping University of Applied Sciences, Raguvos g. 7, LT-44275 Kaunas<br \/>\nTel. (8-37)20-15-28<br \/>\nE-Mail <a href=\"mailto:info@kolping.lt\">info@kolping.lt<\/a><br \/>\nWeb: <a href=\"http:\/\/www.kolping.lt\" target=\"_blank\" rel=\"noopener\">www.kolping.lt<\/a><\/p>\n<\/div><\/section><\/div><div  class='hr av-av_hr-91d7ccd583a503147498e120fee2ff9b hr-default  avia-builder-el-42  el_after_av_four_fifth  el_before_av_one_fifth '><span class='hr-inner '><span class=\"hr-inner-style\"><\/span><\/span><\/div>\n<div  class='flex_column av-av_one_fifth-41ee899840124b6993b57a87f996c353 av_one_fifth  avia-builder-el-43  el_after_av_hr  el_before_av_four_fifth  first flex_column_div  '     ><style type=\"text\/css\" data-created_by=\"avia_inline_auto\" id=\"style-css-av-av_image-8d94008b6f5c0aba9f2e6d2867fb4a8c\">\n.avia-image-container.av-av_image-8d94008b6f5c0aba9f2e6d2867fb4a8c img.avia_image{\nbox-shadow:none;\n}\n.avia-image-container.av-av_image-8d94008b6f5c0aba9f2e6d2867fb4a8c .av-image-caption-overlay-center{\ncolor:#ffffff;\n}\n<\/style>\n<div  class='avia-image-container av-av_image-8d94008b6f5c0aba9f2e6d2867fb4a8c av-styling- avia-align-left  avia-builder-el-44  avia-builder-el-no-sibling '   itemprop=\"image\" itemscope=\"itemscope\" itemtype=\"https:\/\/schema.org\/ImageObject\" ><div class=\"avia-image-container-inner\"><div class=\"avia-image-overlay-wrap\"><img decoding=\"async\" fetchpriority=\"high\" class='wp-image-180 avia-img-lazy-loading-not-180 avia_image ' src=\"https:\/\/feeca.eu\/wp-content\/uploads\/2024\/02\/logoLSRS_VF_Secondaire_CouleurSurTransparent-300x181.jpg\" alt='' title='logoLSRS_VF_Secondaire_CouleurSurTransparent'  height=\"181\" width=\"300\"  itemprop=\"thumbnailUrl\" srcset=\"https:\/\/feeca.eu\/wp-content\/uploads\/2024\/02\/logoLSRS_VF_Secondaire_CouleurSurTransparent-300x181.jpg 300w, https:\/\/feeca.eu\/wp-content\/uploads\/2024\/02\/logoLSRS_VF_Secondaire_CouleurSurTransparent.jpg 320w\" sizes=\"(max-width: 300px) 100vw, 300px\" \/><\/div><\/div><\/div><\/div><div  class='flex_column av-av_four_fifth-58a6369d5c19d308284fa729d91312fa av_four_fifth  avia-builder-el-45  el_after_av_one_fifth  el_before_av_hr  flex_column_div  '     ><section  class='av_textblock_section av-lsu6s33k-4c4434897be0e529179f956d1f64e6a8 '   itemscope=\"itemscope\" itemtype=\"https:\/\/schema.org\/CreativeWork\" ><div class='avia_textblock'  itemprop=\"text\" ><h2>Luxemburg (Membership currently inactive)<\/h2>\n<h2>Luxembourg School of Religion &amp; Society<\/h2>\n<p>The \u201eErwuesseBildung\u201c is an establishment of the archdiocese Luxembourg and the Ministry for Families \u2013 in cooperation with Luxembourg City. The offer of the organisation places the human and the personal development at all stages in the centre of the work. The work of the ErwuesseBildungs focuses on general life management, spiritual courses, educational aids and themes of social policies. In addition it operates one panel for media literacy with a media libary, a selection of literature and media enducational events.<\/p>\n<p>Adress: LSRS, Centre Jean XXIII, 52, rue Jules Wilhelm, L-2728 Luxembourg<br \/>\nE-Mail: <a href=\"mailto:office@lsrs.lu\">office@lsrs.lu<\/a><br \/>\nWeb: <a href=\"http:\/\/www.lsrs.lu\" target=\"_blank\" rel=\"noopener\">www.lsrs.lu<\/a><\/p>\n<\/div><\/section><\/div><div  class='hr av-av_hr-91d7ccd583a503147498e120fee2ff9b hr-default  avia-builder-el-47  el_after_av_four_fifth  el_before_av_one_fifth '><span class='hr-inner '><span class=\"hr-inner-style\"><\/span><\/span><\/div>\n<div  class='flex_column av-av_one_fifth-41ee899840124b6993b57a87f996c353 av_one_fifth  avia-builder-el-48  el_after_av_hr  el_before_av_four_fifth  first flex_column_div  '     ><style type=\"text\/css\" data-created_by=\"avia_inline_auto\" id=\"style-css-av-av_image-f9849941cb0eef4527dc63c877564304\">\n.avia-image-container.av-av_image-f9849941cb0eef4527dc63c877564304 img.avia_image{\nbox-shadow:none;\n}\n.avia-image-container.av-av_image-f9849941cb0eef4527dc63c877564304 .av-image-caption-overlay-center{\ncolor:#ffffff;\n}\n<\/style>\n<div  class='avia-image-container av-av_image-f9849941cb0eef4527dc63c877564304 av-styling- avia-align-left  avia-builder-el-49  avia-builder-el-no-sibling '   itemprop=\"image\" itemscope=\"itemscope\" itemtype=\"https:\/\/schema.org\/ImageObject\" ><div class=\"avia-image-container-inner\"><div class=\"avia-image-overlay-wrap\"><img decoding=\"async\" fetchpriority=\"high\" class='wp-image-168 avia-img-lazy-loading-not-168 avia_image ' src=\"https:\/\/feeca.eu\/wp-content\/uploads\/2024\/02\/servicedesformations-logo.jpg\" alt='' title='servicedesformations-logo'  height=\"287\" width=\"176\"  itemprop=\"thumbnailUrl\"  \/><\/div><\/div><\/div><\/div><div  class='flex_column av-av_four_fifth-58a6369d5c19d308284fa729d91312fa av_four_fifth  avia-builder-el-50  el_after_av_one_fifth  avia-builder-el-last  flex_column_div  '     ><section  class='av_textblock_section av-lstcplon-1e07d0020196f8bdf1c4e1663086e3ad '   itemscope=\"itemscope\" itemtype=\"https:\/\/schema.org\/CreativeWork\" ><div class='avia_textblock'  itemprop=\"text\" ><h2>France (Membership currently inactive)<\/h2>\n<h2>Service des Formations<\/h2>\n<p>The diocesan institution of adult education, Service de Formations of the diocese Stra\u00dfburg works in cooperation with the Catholic education centers in Alsace and with the seven dioceses of the church province of Besan\u00e7on.<\/p>\n<p>Aim of its training programms is strengthening of the theological and pastoral competence of the full-time employees and the volunteers in the service of the church.<\/p>\n<p>Beyond that offers the Service de Formations courses to help catholic Christians to intensify their faith and to understand the complex processes of the modern, secular world.<\/p>\n<p>Adress: 21 rue St. Roch, F-39800 Poligny<br \/>\nE-Mail: <a href=\"mailto:servform@club-internet.fr\">servform@club-internet.fr<\/a><\/p>\n<\/div><\/section><\/div>\n","protected":false},"excerpt":{"rendered":"","protected":false},"author":1,"featured_media":0,"parent":0,"menu_order":0,"comment_status":"closed","ping_status":"closed","template":"","meta":{"footnotes":""},"class_list":["post-111","page","type-page","status-publish","hentry"],"_links":{"self":[{"href":"https:\/\/feeca.eu\/en\/wp-json\/wp\/v2\/pages\/111","targetHints":{"allow":["GET"]}}],"collection":[{"href":"https:\/\/feeca.eu\/en\/wp-json\/wp\/v2\/pages"}],"about":[{"href":"https:\/\/feeca.eu\/en\/wp-json\/wp\/v2\/types\/page"}],"author":[{"embeddable":true,"href":"https:\/\/feeca.eu\/en\/wp-json\/wp\/v2\/users\/1"}],"replies":[{"embeddable":true,"href":"https:\/\/feeca.eu\/en\/wp-json\/wp\/v2\/comments?post=111"}],"version-history":[{"count":10,"href":"https:\/\/feeca.eu\/en\/wp-json\/wp\/v2\/pages\/111\/revisions"}],"predecessor-version":[{"id":405,"href":"https:\/\/feeca.eu\/en\/wp-json\/wp\/v2\/pages\/111\/revisions\/405"}],"wp:attachment":[{"href":"https:\/\/feeca.eu\/en\/wp-json\/wp\/v2\/media?parent=111"}],"curies":[{"name":"wp","href":"https:\/\/api.w.org\/{rel}","templated":true}]}}